{"id":2540,"date":"2019-09-19T19:50:43","date_gmt":"2019-09-19T17:50:43","guid":{"rendered":"http:\/\/jvelektronika.cz\/?page_id=2540"},"modified":"2019-09-19T19:50:44","modified_gmt":"2019-09-19T17:50:44","slug":"americke-sankce-drti-huawei","status":"publish","type":"page","link":"https:\/\/jvelektronika.cz\/?page_id=2540","title":{"rendered":"Americk\u00e9 sankce drt\u00ed Huawei"},"content":{"rendered":"\n<p><\/p>\n\n\n\n<p> Sankce ze strany Spojen\u00fdch st\u00e1t\u016f \u010d\u00ednskou technologickou firmu Huawei  drt\u00ed, \u0159e\u0161en\u00edm by mohl b\u00fdt prodej 5G technologi\u00ed na Z\u00e1pad. V\u00a0rozhovoru  pro list The Economist p\u0159ipustil mo\u017enost odprodeje 5G technologi\u00ed,  respektive know-how v\u00a0r\u00e1mci mobiln\u00edch s\u00edt\u00ed p\u00e1t\u00e9 generace, \u0161\u00e9f  spole\u010dnosti Huawei \u017den \u010ceng-fej. <\/p>\n\n\n\n<figure class=\"wp-block-image\"><img decoding=\"async\" loading=\"lazy\" width=\"630\" height=\"319\" src=\"http:\/\/jvelektronika.cz\/wp-content\/uploads\/2019\/09\/hw.jpg\" alt=\"\" class=\"wp-image-2541\" srcset=\"https:\/\/jvelektronika.cz\/wp-content\/uploads\/2019\/09\/hw.jpg 630w, https:\/\/jvelektronika.cz\/wp-content\/uploads\/2019\/09\/hw-300x152.jpg 300w\" sizes=\"(max-width: 630px) 100vw, 630px\" \/><\/figure>\n\n\n\n<h2 class=\"wp-block-heading\">Z\u00e1jemce nesm\u00ed poch\u00e1zet z Asie<\/h2>\n\n\n\n<p>\u017den  \u010ceng-fej nicm\u00e9n\u011b v\u00a0rozhovoru zd\u016fraznil, \u017ee p\u0159\u00edpadn\u00fd z\u00e1jemce by nesm\u011bl  poch\u00e1zet z\u00a0Asie, aby p\u0159\u00edmo nekonkuroval jeho podniku. Podle n\u011bj by bylo  ide\u00e1ln\u00ed, kdyby \u0161lo o subjekt, kter\u00fd se bude soust\u0159edit na americk\u00fd trh \u2013  logicky by tedy m\u011blo j\u00edt o firmu, je\u017e m\u00e1 dobr\u00e9 vztahy s\u00a0USA.<\/p>\n\n\n\n<p><\/p>\n\n\n\n<p>. Nedostaneme se k dod\u00e1vk\u00e1m komponent, nem\u016f\u017eeme participovat u mnoha  mezin\u00e1rodn\u00edch organizac\u00ed, spolupracovat s \u0159adou univerzit, pou\u017e\u00edvat  cokoliv s americk\u00fdmi sou\u010d\u00e1stkami, dokonce ani navazovat spojen\u00ed se  s\u00edt\u011bmi, kter\u00e9 tyto sou\u010d\u00e1stky vyu\u017e\u00edvaj\u00ed <\/p>\n\n\n\n<figure class=\"wp-block-image\"><img decoding=\"async\" loading=\"lazy\" width=\"700\" height=\"396\" src=\"http:\/\/jvelektronika.cz\/wp-content\/uploads\/2019\/09\/Bez-n\u00e1zvu.jpg\" alt=\"\" class=\"wp-image-2542\" srcset=\"https:\/\/jvelektronika.cz\/wp-content\/uploads\/2019\/09\/Bez-n\u00e1zvu.jpg 700w, https:\/\/jvelektronika.cz\/wp-content\/uploads\/2019\/09\/Bez-n\u00e1zvu-300x170.jpg 300w\" sizes=\"(max-width: 700px) 100vw, 700px\" \/><\/figure>\n\n\n\n<h2 class=\"wp-block-heading\">Revoluce jm\u00e9nem 5G<\/h2>\n\n\n\n<p>Nov\u00e1 generace mobiln\u00edho internetu \nnajde uplatn\u011bn\u00ed nap\u0159\u00edklad v doprav\u011b, virtu\u00e1ln\u00ed realit\u011b, sportu, ale tak\u00e9\n v oblasti zdrav\u00ed \u2013 nejr\u016fzn\u011bj\u0161\u00ed technick\u00e9 vychyt\u00e1vky mohou t\u0159eba \nsledovat zdrav\u00ed sv\u00e9ho majitele a n\u00e1sledn\u011b data zas\u00edlat p\u0159\u00edmo l\u00e9ka\u0159i.<\/p>\n\n\n\n<p>Stejn\u011b\n tak se k 5G s\u00edt\u00edm budou p\u0159ipojovat chytr\u00e9 pra\u010dky a ledni\u010dky, ale \nnap\u0159\u00edklad tak\u00e9 autonomn\u00ed automobily \u2013 pro jejich rozvoj je rychl\u00e9 a \nstabiln\u00ed p\u0159ipojen\u00ed k internetu na cest\u00e1ch kl\u00ed\u010dov\u00e9.<\/p>\n\n\n\n<p>I\n kdy\u017e se 5G m\u016f\u017ee zd\u00e1t pouze jako dal\u0161\u00ed mobiln\u00ed standard, ve skute\u010dnosti \nbudou jeho p\u0159\u00ednosy daleko v\u011bt\u0161\u00ed. P\u00e1t\u00e1 generace mobiln\u00edch s\u00edt\u00ed zp\u0159\u00edstupn\u00ed\n podle studi\u00ed Ericssonu vysokorychlostn\u00ed internet a\u017e pro miliardu lid\u00ed a\n za\u0159\u00edzen\u00ed. A co v\u00edc, umo\u017en\u00ed rozmach modern\u00edch technologi\u00ed.<\/p>\n","protected":false},"excerpt":{"rendered":"<p>Sankce ze strany Spojen\u00fdch st\u00e1t\u016f \u010d\u00ednskou technologickou firmu Huawei drt\u00ed, \u0159e\u0161en\u00edm by mohl b\u00fdt prodej 5G technologi\u00ed na Z\u00e1pad. V\u00a0rozhovoru pro list The Economist p\u0159ipustil mo\u017enost odprodeje 5G technologi\u00ed, respektive know-how v\u00a0r\u00e1mci mobiln\u00edch s\u00edt\u00ed p\u00e1t\u00e9 generace, \u0161\u00e9f spole\u010dnosti Huawei \u017den \u010ceng-fej. Z\u00e1jemce nesm\u00ed poch\u00e1zet z Asie \u017den \u010ceng-fej nicm\u00e9n\u011b v\u00a0rozhovoru [&hellip;]<\/p>\n","protected":false},"author":1,"featured_media":0,"parent":0,"menu_order":0,"comment_status":"closed","ping_status":"closed","template":"","meta":{"footnotes":""},"_links":{"self":[{"href":"https:\/\/jvelektronika.cz\/index.php?rest_route=\/wp\/v2\/pages\/2540"}],"collection":[{"href":"https:\/\/jvelektronika.cz\/index.php?rest_route=\/wp\/v2\/pages"}],"about":[{"href":"https:\/\/jvelektronika.cz\/index.php?rest_route=\/wp\/v2\/types\/page"}],"author":[{"embeddable":true,"href":"https:\/\/jvelektronika.cz\/index.php?rest_route=\/wp\/v2\/users\/1"}],"replies":[{"embeddable":true,"href":"https:\/\/jvelektronika.cz\/index.php?rest_route=%2Fwp%2Fv2%2Fcomments&post=2540"}],"version-history":[{"count":1,"href":"https:\/\/jvelektronika.cz\/index.php?rest_route=\/wp\/v2\/pages\/2540\/revisions"}],"predecessor-version":[{"id":2543,"href":"https:\/\/jvelektronika.cz\/index.php?rest_route=\/wp\/v2\/pages\/2540\/revisions\/2543"}],"wp:attachment":[{"href":"https:\/\/jvelektronika.cz\/index.php?rest_route=%2Fwp%2Fv2%2Fmedia&parent=2540"}],"curies":[{"name":"wp","href":"https:\/\/api.w.org\/{rel}","templated":true}]}}